{"id":95,"date":"2012-01-07T22:23:56","date_gmt":"2012-01-07T21:23:56","guid":{"rendered":"http:\/\/talentsdailleurs.net\/?page_id=95"},"modified":"2025-02-16T16:11:13","modified_gmt":"2025-02-16T15:11:13","slug":"a-propos-de-tda","status":"publish","type":"page","link":"https:\/\/talentsdailleurs.net\/","title":{"rendered":"TdA et contact"},"content":{"rendered":"\n<p><\/p>\n\n\n\n<div class=\"wp-block-media-text alignwide is-stacked-on-mobile\" style=\"grid-template-columns:20% auto\"><figure class=\"wp-block-media-text__media\"><img decoding=\"async\" loading=\"lazy\" width=\"644\" height=\"1024\" src=\"http:\/\/talentsdailleurs.net\/wp-content\/uploads\/2025\/02\/Image151-1-644x1024.jpg\" alt=\"\" class=\"wp-image-1164 size-full\" srcset=\"https:\/\/talentsdailleurs.net\/wp-content\/uploads\/2025\/02\/Image151-1-644x1024.jpg 644w, https:\/\/talentsdailleurs.net\/wp-content\/uploads\/2025\/02\/Image151-1-189x300.jpg 189w, https:\/\/talentsdailleurs.net\/wp-content\/uploads\/2025\/02\/Image151-1-768x1221.jpg 768w, https:\/\/talentsdailleurs.net\/wp-content\/uploads\/2025\/02\/Image151-1-966x1536.jpg 966w, https:\/\/talentsdailleurs.net\/wp-content\/uploads\/2025\/02\/Image151-1.jpg 1064w\" sizes=\"(max-width: 644px) 100vw, 644px\" \/><\/figure><div class=\"wp-block-media-text__content\">\n<p>En raison d&rsquo;un incident technique sur le site de Mawndo\u00e9, ce site a \u00e9t\u00e9 modifi\u00e9 pour pr\u00e9senter l&rsquo;univers de Mawndo\u00e9, qui est le seul artiste que Talents d&rsquo;Ailleurs continue d&rsquo;accompagner depuis 2007. Talents d&rsquo;Ailleurs l&rsquo;accompagne \u00e9galement sur le projet <a href=\"https:\/\/aunomdelart.net\/\">Au Nom de l&rsquo;Art<\/a><\/p>\n<\/div><\/div>\n\n\n\n<p><\/p>\n\n\n<h1>\u00a0TdA<\/h1>\n<p>L\u2019association <strong>\u00abTalents d\u2019Ailleurs\u00bb <\/strong>a \u00e9t\u00e9 cr\u00e9\u00e9e en\u00a0 2008 suite aux diff\u00e9rentes difficult\u00e9s que rencontraient des artistes\u00a0 du Burkina Faso pour continuer leur carri\u00e8re en France.<\/p>\n<p>Ancienne attach\u00e9e culturelle \u00e0 l\u2019Ambassade de France au Burkina Faso, l\u2019actuelle pr\u00e9sidente de TdA suivait \u00a0les p\u00e9rip\u00e9ties de diff\u00e9rents artistes. Leur m\u00e9connaissance du milieu artistique en France, la signature de contrats avec des non professionnels, les difficult\u00e9s d\u2019h\u00e9bergement et de transport\u2026. leur ont fait perdre temps et argent. Ces difficult\u00e9s peuvent briser des carri\u00e8res malgr\u00e9 d\u2019\u00e9normes potentiels en termes de talents et de cr\u00e9ativit\u00e9.<\/p>\n<p><strong>\u00a0<\/strong>Le Burkina Faso, \u00e0 l\u2019instar d\u2019autres pays du sud, est un pays jeune dont les artistes sont innovants et dynamiques. Mais quand on fait appel \u00e0 ces artistes, c\u2019est juste le temps d\u2019une ou deux prestations artistiques, de quoi satisfaire \u00e0 un besoin de consommation festivali\u00e8re. Jamais une aide sur le long terme ne leur est propos\u00e9e.<\/p>\n<p>C\u2019est sur la base de ce constat\u00a0 que cette association a \u00e9t\u00e9 cr\u00e9\u00e9e.\u00a0 Son objectif est de soutenir et d\u2019accompagner des artistes venus de pays dit du Sud dans le d\u00e9veloppement de leur carri\u00e8re \u00e0 l\u2019international.<\/p>\n<p>Gr\u00e2ce \u00e0 quelques amis du groupe et autres personnes d\u00e9j\u00e0 engag\u00e9es dans des actions de solidarit\u00e9, une chaine de l\u2019amiti\u00e9 s\u2019est cr\u00e9\u00e9e autour de quelques artistes et si l&rsquo;association est jeune, plusieurs artistes ont vu leur carri\u00e8re prendre un\u00a0 nouvel essor.<\/p>\n<h1>Contact<\/h1>\n<p>Contact : talentsdailleurs@yahoo.fr<\/p>\n\n\n<p><\/p>\n","protected":false},"excerpt":{"rendered":"<p>En raison d&rsquo;un incident technique sur le site de Mawndo\u00e9, ce site a \u00e9t\u00e9 modifi\u00e9 pour pr\u00e9senter l&rsquo;univers de Mawndo\u00e9, qui est le seul artiste que Talents d&rsquo;Ailleurs continue d&rsquo;accompagner depuis 2007. Talents d&rsquo;Ailleurs l&rsquo;accompagne \u00e9galement sur le projet Au Nom de l&rsquo;Art \u00a0TdA L\u2019association \u00abTalents d\u2019Ailleurs\u00bb a \u00e9t\u00e9 cr\u00e9\u00e9e en\u00a0 2008 suite aux diff\u00e9rentes &hellip; <a href=\"https:\/\/talentsdailleurs.net\/\" class=\"more-link\">Continuer la lecture de <span class=\"screen-reader-text\">TdA et contact<\/span>  <span class=\"meta-nav\">&rarr;<\/span><\/a><\/p>\n","protected":false},"author":1,"featured_media":0,"parent":0,"menu_order":2,"comment_status":"closed","ping_status":"open","template":"","meta":[],"_links":{"self":[{"href":"https:\/\/talentsdailleurs.net\/index.php?rest_route=\/wp\/v2\/pages\/95"}],"collection":[{"href":"https:\/\/talentsdailleurs.net\/index.php?rest_route=\/wp\/v2\/pages"}],"about":[{"href":"https:\/\/talentsdailleurs.net\/index.php?rest_route=\/wp\/v2\/types\/page"}],"author":[{"embeddable":true,"href":"https:\/\/talentsdailleurs.net\/index.php?rest_route=\/wp\/v2\/users\/1"}],"replies":[{"embeddable":true,"href":"https:\/\/talentsdailleurs.net\/index.php?rest_route=%2Fwp%2Fv2%2Fcomments&post=95"}],"version-history":[{"count":12,"href":"https:\/\/talentsdailleurs.net\/index.php?rest_route=\/wp\/v2\/pages\/95\/revisions"}],"predecessor-version":[{"id":1213,"href":"https:\/\/talentsdailleurs.net\/index.php?rest_route=\/wp\/v2\/pages\/95\/revisions\/1213"}],"wp:attachment":[{"href":"https:\/\/talentsdailleurs.net\/index.php?rest_route=%2Fwp%2Fv2%2Fmedia&parent=95"}],"curies":[{"name":"wp","href":"https:\/\/api.w.org\/{rel}","templated":true}]}}